{"id":2473,"date":"2026-04-29T19:35:17","date_gmt":"2026-04-29T17:35:17","guid":{"rendered":"https:\/\/www.galerie-inna-khimich.com\/?post_type=product&#038;p=2473"},"modified":"2026-04-29T19:35:18","modified_gmt":"2026-04-29T17:35:18","slug":"beatrice-migliore-lumieres-de-la-anse-mejean","status":"publish","type":"product","link":"https:\/\/www.galerie-inna-khimich.com\/en\/produit\/beatrice-migliore-lumieres-de-la-anse-mejean\/","title":{"rendered":"B\u00e9atrice Migliore-Lumi\u00e8res de la Anse M\u00e9jean"},"content":{"rendered":"<h4>B\u00e9atrice Migliore<\/h4>\n<h4>Lumi\u00e8res de la Anse M\u00e9jean<\/h4>\n<h4>81&#215;65 cm Acrylique sur toile<\/h4>\n<h4>En vente sur ce site<\/h4>\n","protected":false},"excerpt":{"rendered":"<h4>B\u00e9atrice Migliore<\/h4>\n<h4>Lumi\u00e8res de la Anse M\u00e9jean<\/h4>\n<h4>81&#215;65 cm Acrylique sur toile<\/h4>\n<h4>En vente sur ce site<\/h4>\n","protected":false},"featured_media":2474,"comment_status":"closed","ping_status":"closed","template":"","meta":{"_acf_changed":false,"_et_pb_use_builder":"","_et_pb_old_content":"","_et_gb_content_width":""},"product_brand":[],"product_cat":[59,36,46,33],"product_tag":[148,137,136,149,151,150,141],"class_list":{"0":"post-2473","1":"product","2":"type-product","3":"status-publish","4":"has-post-thumbnail","6":"product_cat-beatrice-migliore","7":"product_cat-figuration","8":"product_cat-modernisme","9":"product_cat-peinture","10":"product_tag-anse-mejean","11":"product_tag-cote-dazur","12":"product_tag-mediterranee","13":"product_tag-mer","14":"product_tag-peinture-pour-votre-interieur","15":"product_tag-sud-d-la-france","16":"product_tag-toulon","17":"product_shipping_class-dhl","19":"first","20":"instock","21":"taxable","22":"shipping-taxable","23":"purchasable","24":"product-type-simple"},"acf":[],"yoast_head":"<!-- This site is optimized with the Yoast SEO plugin v24.5 - https:\/\/yoast.com\/wordpress\/plugins\/seo\/ -->\n<title>B\u00e9atrice Migliore-Lumi\u00e8res de la Anse M\u00e9jean - Galerie Inna Khimich.<\/title>\n<meta name=\"description\" content=\"Lumi\u00e8res de la Anse M\u00e9jean, toile de B. Migliore. Artiste fran\u00e7aise. Paysage de la C\u00f4te d&#039;Azur, M\u00e9diterran\u00e9e, Sud de la France. Int\u00e9rieur contemporain.\" \/>\n<meta name=\"robots\" content=\"index, follow, max-snippet:-1, max-image-preview:large, max-video-preview:-1\" \/>\n<link rel=\"canonical\" href=\"https:\/\/www.galerie-inna-khimich.com\/en\/produit\/beatrice-migliore-lumieres-de-la-anse-mejean\/\" \/>\n<meta property=\"og:locale\" content=\"en_US\" \/>\n<meta property=\"og:type\" content=\"article\" \/>\n<meta property=\"og:title\" content=\"B\u00e9atrice Migliore-Lumi\u00e8res de la Anse M\u00e9jean - Galerie Inna Khimich.\" \/>\n<meta property=\"og:description\" content=\"Lumi\u00e8res de la Anse M\u00e9jean, toile de B. Migliore. Artiste fran\u00e7aise. Paysage de la C\u00f4te d&#039;Azur, M\u00e9diterran\u00e9e, Sud de la France. Int\u00e9rieur contemporain.\" \/>\n<meta property=\"og:site_name\" content=\"Galerie Inna Khimich.\" \/>\n<meta property=\"article:publisher\" content=\"https:\/\/www.facebook.com\/people\/Galerie-Inna-Khimich\/100063467802915\/\" \/>\n<meta property=\"article:modified_time\" content=\"2026-04-29T17:35:18+00:00\" \/>\n<meta property=\"og:image\" content=\"https:\/\/www.galerie-inna-khimich.com\/wp-content\/uploads\/2026\/04\/Lumieres-de-la-Anse-Mejean25-F-81x65-cm-MIGLIORE-pour-site-GIK.jpg\" \/>\n\t<meta property=\"og:image:width\" content=\"965\" \/>\n\t<meta property=\"og:image:height\" content=\"781\" \/>\n\t<meta property=\"og:image:type\" content=\"image\/jpeg\" \/>\n<meta name=\"twitter:card\" content=\"summary_large_image\" \/>\n<meta name=\"twitter:label1\" content=\"Est. reading time\" \/>\n\t<meta name=\"twitter:data1\" content=\"1 minute\" \/>\n<script type=\"application\/ld+json\" class=\"yoast-schema-graph\">{\"@context\":\"https:\/\/schema.org\",\"@graph\":[{\"@type\":\"WebPage\",\"@id\":\"https:\/\/www.galerie-inna-khimich.com\/en\/produit\/beatrice-migliore-lumieres-de-la-anse-mejean\/\",\"url\":\"https:\/\/www.galerie-inna-khimich.com\/en\/produit\/beatrice-migliore-lumieres-de-la-anse-mejean\/\",\"name\":\"B\u00e9atrice Migliore-Lumi\u00e8res de la Anse M\u00e9jean - Galerie Inna Khimich.\",\"isPartOf\":{\"@id\":\"https:\/\/www.galerie-inna-khimich.com\/en\/#website\"},\"primaryImageOfPage\":{\"@id\":\"https:\/\/www.galerie-inna-khimich.com\/en\/produit\/beatrice-migliore-lumieres-de-la-anse-mejean\/#primaryimage\"},\"image\":{\"@id\":\"https:\/\/www.galerie-inna-khimich.com\/en\/produit\/beatrice-migliore-lumieres-de-la-anse-mejean\/#primaryimage\"},\"thumbnailUrl\":\"https:\/\/www.galerie-inna-khimich.com\/wp-content\/uploads\/2026\/04\/Lumieres-de-la-Anse-Mejean25-F-81x65-cm-MIGLIORE-pour-site-GIK.jpg\",\"datePublished\":\"2026-04-29T17:35:17+00:00\",\"dateModified\":\"2026-04-29T17:35:18+00:00\",\"description\":\"Lumi\u00e8res de la Anse M\u00e9jean, toile de B. Migliore. Artiste fran\u00e7aise. Paysage de la C\u00f4te d'Azur, M\u00e9diterran\u00e9e, Sud de la France. Int\u00e9rieur contemporain.\",\"breadcrumb\":{\"@id\":\"https:\/\/www.galerie-inna-khimich.com\/en\/produit\/beatrice-migliore-lumieres-de-la-anse-mejean\/#breadcrumb\"},\"inLanguage\":\"en-US\",\"potentialAction\":[{\"@type\":\"ReadAction\",\"target\":[\"https:\/\/www.galerie-inna-khimich.com\/en\/produit\/beatrice-migliore-lumieres-de-la-anse-mejean\/\"]}]},{\"@type\":\"ImageObject\",\"inLanguage\":\"en-US\",\"@id\":\"https:\/\/www.galerie-inna-khimich.com\/en\/produit\/beatrice-migliore-lumieres-de-la-anse-mejean\/#primaryimage\",\"url\":\"https:\/\/www.galerie-inna-khimich.com\/wp-content\/uploads\/2026\/04\/Lumieres-de-la-Anse-Mejean25-F-81x65-cm-MIGLIORE-pour-site-GIK.jpg\",\"contentUrl\":\"https:\/\/www.galerie-inna-khimich.com\/wp-content\/uploads\/2026\/04\/Lumieres-de-la-Anse-Mejean25-F-81x65-cm-MIGLIORE-pour-site-GIK.jpg\",\"width\":965,\"height\":781},{\"@type\":\"BreadcrumbList\",\"@id\":\"https:\/\/www.galerie-inna-khimich.com\/en\/produit\/beatrice-migliore-lumieres-de-la-anse-mejean\/#breadcrumb\",\"itemListElement\":[{\"@type\":\"ListItem\",\"position\":1,\"name\":\"Accueil\",\"item\":\"https:\/\/www.galerie-inna-khimich.com\/en\/\"},{\"@type\":\"ListItem\",\"position\":2,\"name\":\"Shop \/ Artists\",\"item\":\"https:\/\/www.galerie-inna-khimich.com\/en\/shop\/\"},{\"@type\":\"ListItem\",\"position\":3,\"name\":\"B\u00e9atrice Migliore-Lumi\u00e8res de la Anse M\u00e9jean\"}]},{\"@type\":\"WebSite\",\"@id\":\"https:\/\/www.galerie-inna-khimich.com\/en\/#website\",\"url\":\"https:\/\/www.galerie-inna-khimich.com\/en\/\",\"name\":\"Galerie Inna Khimich.\",\"description\":\"Galerie d\u2019Art Contemporaine\",\"publisher\":{\"@id\":\"https:\/\/www.galerie-inna-khimich.com\/en\/#organization\"},\"potentialAction\":[{\"@type\":\"SearchAction\",\"target\":{\"@type\":\"EntryPoint\",\"urlTemplate\":\"https:\/\/www.galerie-inna-khimich.com\/en\/?s={search_term_string}\"},\"query-input\":{\"@type\":\"PropertyValueSpecification\",\"valueRequired\":true,\"valueName\":\"search_term_string\"}}],\"inLanguage\":\"en-US\"},{\"@type\":\"Organization\",\"@id\":\"https:\/\/www.galerie-inna-khimich.com\/en\/#organization\",\"name\":\"Galerie Inna Khimich.\",\"url\":\"https:\/\/www.galerie-inna-khimich.com\/en\/\",\"logo\":{\"@type\":\"ImageObject\",\"inLanguage\":\"en-US\",\"@id\":\"https:\/\/www.galerie-inna-khimich.com\/en\/#\/schema\/logo\/image\/\",\"url\":\"https:\/\/www.galerie-inna-khimich.com\/wp-content\/uploads\/2023\/03\/Logo-gallerie-inna-khimich.png\",\"contentUrl\":\"https:\/\/www.galerie-inna-khimich.com\/wp-content\/uploads\/2023\/03\/Logo-gallerie-inna-khimich.png\",\"width\":512,\"height\":196,\"caption\":\"Galerie Inna Khimich.\"},\"image\":{\"@id\":\"https:\/\/www.galerie-inna-khimich.com\/en\/#\/schema\/logo\/image\/\"},\"sameAs\":[\"https:\/\/www.facebook.com\/people\/Galerie-Inna-Khimich\/100063467802915\/\",\"https:\/\/www.instagram.com\/galerie_inna_khimich\"]}]}<\/script>\n<!-- \/ Yoast SEO plugin. -->","yoast_head_json":{"title":"B\u00e9atrice Migliore-Lumi\u00e8res de la Anse M\u00e9jean - Galerie Inna Khimich.","description":"Lumi\u00e8res de la Anse M\u00e9jean, toile de B. Migliore. Artiste fran\u00e7aise. Paysage de la C\u00f4te d'Azur, M\u00e9diterran\u00e9e, Sud de la France. Int\u00e9rieur contemporain.","robots":{"index":"index","follow":"follow","max-snippet":"max-snippet:-1","max-image-preview":"max-image-preview:large","max-video-preview":"max-video-preview:-1"},"canonical":"https:\/\/www.galerie-inna-khimich.com\/en\/produit\/beatrice-migliore-lumieres-de-la-anse-mejean\/","og_locale":"en_US","og_type":"article","og_title":"B\u00e9atrice Migliore-Lumi\u00e8res de la Anse M\u00e9jean - Galerie Inna Khimich.","og_description":"Lumi\u00e8res de la Anse M\u00e9jean, toile de B. Migliore. Artiste fran\u00e7aise. Paysage de la C\u00f4te d'Azur, M\u00e9diterran\u00e9e, Sud de la France. Int\u00e9rieur contemporain.","og_site_name":"Galerie Inna Khimich.","article_publisher":"https:\/\/www.facebook.com\/people\/Galerie-Inna-Khimich\/100063467802915\/","article_modified_time":"2026-04-29T17:35:18+00:00","og_image":[{"width":965,"height":781,"url":"https:\/\/www.galerie-inna-khimich.com\/wp-content\/uploads\/2026\/04\/Lumieres-de-la-Anse-Mejean25-F-81x65-cm-MIGLIORE-pour-site-GIK.jpg","type":"image\/jpeg"}],"twitter_card":"summary_large_image","twitter_misc":{"Est. reading time":"1 minute"},"schema":{"@context":"https:\/\/schema.org","@graph":[{"@type":"WebPage","@id":"https:\/\/www.galerie-inna-khimich.com\/en\/produit\/beatrice-migliore-lumieres-de-la-anse-mejean\/","url":"https:\/\/www.galerie-inna-khimich.com\/en\/produit\/beatrice-migliore-lumieres-de-la-anse-mejean\/","name":"B\u00e9atrice Migliore-Lumi\u00e8res de la Anse M\u00e9jean - Galerie Inna Khimich.","isPartOf":{"@id":"https:\/\/www.galerie-inna-khimich.com\/en\/#website"},"primaryImageOfPage":{"@id":"https:\/\/www.galerie-inna-khimich.com\/en\/produit\/beatrice-migliore-lumieres-de-la-anse-mejean\/#primaryimage"},"image":{"@id":"https:\/\/www.galerie-inna-khimich.com\/en\/produit\/beatrice-migliore-lumieres-de-la-anse-mejean\/#primaryimage"},"thumbnailUrl":"https:\/\/www.galerie-inna-khimich.com\/wp-content\/uploads\/2026\/04\/Lumieres-de-la-Anse-Mejean25-F-81x65-cm-MIGLIORE-pour-site-GIK.jpg","datePublished":"2026-04-29T17:35:17+00:00","dateModified":"2026-04-29T17:35:18+00:00","description":"Lumi\u00e8res de la Anse M\u00e9jean, toile de B. Migliore. Artiste fran\u00e7aise. Paysage de la C\u00f4te d'Azur, M\u00e9diterran\u00e9e, Sud de la France. Int\u00e9rieur contemporain.","breadcrumb":{"@id":"https:\/\/www.galerie-inna-khimich.com\/en\/produit\/beatrice-migliore-lumieres-de-la-anse-mejean\/#breadcrumb"},"inLanguage":"en-US","potentialAction":[{"@type":"ReadAction","target":["https:\/\/www.galerie-inna-khimich.com\/en\/produit\/beatrice-migliore-lumieres-de-la-anse-mejean\/"]}]},{"@type":"ImageObject","inLanguage":"en-US","@id":"https:\/\/www.galerie-inna-khimich.com\/en\/produit\/beatrice-migliore-lumieres-de-la-anse-mejean\/#primaryimage","url":"https:\/\/www.galerie-inna-khimich.com\/wp-content\/uploads\/2026\/04\/Lumieres-de-la-Anse-Mejean25-F-81x65-cm-MIGLIORE-pour-site-GIK.jpg","contentUrl":"https:\/\/www.galerie-inna-khimich.com\/wp-content\/uploads\/2026\/04\/Lumieres-de-la-Anse-Mejean25-F-81x65-cm-MIGLIORE-pour-site-GIK.jpg","width":965,"height":781},{"@type":"BreadcrumbList","@id":"https:\/\/www.galerie-inna-khimich.com\/en\/produit\/beatrice-migliore-lumieres-de-la-anse-mejean\/#breadcrumb","itemListElement":[{"@type":"ListItem","position":1,"name":"Accueil","item":"https:\/\/www.galerie-inna-khimich.com\/en\/"},{"@type":"ListItem","position":2,"name":"Shop \/ Artists","item":"https:\/\/www.galerie-inna-khimich.com\/en\/shop\/"},{"@type":"ListItem","position":3,"name":"B\u00e9atrice Migliore-Lumi\u00e8res de la Anse M\u00e9jean"}]},{"@type":"WebSite","@id":"https:\/\/www.galerie-inna-khimich.com\/en\/#website","url":"https:\/\/www.galerie-inna-khimich.com\/en\/","name":"Galerie Inna Khimich.","description":"Galerie d\u2019Art Contemporaine","publisher":{"@id":"https:\/\/www.galerie-inna-khimich.com\/en\/#organization"},"potentialAction":[{"@type":"SearchAction","target":{"@type":"EntryPoint","urlTemplate":"https:\/\/www.galerie-inna-khimich.com\/en\/?s={search_term_string}"},"query-input":{"@type":"PropertyValueSpecification","valueRequired":true,"valueName":"search_term_string"}}],"inLanguage":"en-US"},{"@type":"Organization","@id":"https:\/\/www.galerie-inna-khimich.com\/en\/#organization","name":"Galerie Inna Khimich.","url":"https:\/\/www.galerie-inna-khimich.com\/en\/","logo":{"@type":"ImageObject","inLanguage":"en-US","@id":"https:\/\/www.galerie-inna-khimich.com\/en\/#\/schema\/logo\/image\/","url":"https:\/\/www.galerie-inna-khimich.com\/wp-content\/uploads\/2023\/03\/Logo-gallerie-inna-khimich.png","contentUrl":"https:\/\/www.galerie-inna-khimich.com\/wp-content\/uploads\/2023\/03\/Logo-gallerie-inna-khimich.png","width":512,"height":196,"caption":"Galerie Inna Khimich."},"image":{"@id":"https:\/\/www.galerie-inna-khimich.com\/en\/#\/schema\/logo\/image\/"},"sameAs":["https:\/\/www.facebook.com\/people\/Galerie-Inna-Khimich\/100063467802915\/","https:\/\/www.instagram.com\/galerie_inna_khimich"]}]}},"_links":{"self":[{"href":"https:\/\/www.galerie-inna-khimich.com\/en\/wp-json\/wp\/v2\/product\/2473","targetHints":{"allow":["GET"]}}],"collection":[{"href":"https:\/\/www.galerie-inna-khimich.com\/en\/wp-json\/wp\/v2\/product"}],"about":[{"href":"https:\/\/www.galerie-inna-khimich.com\/en\/wp-json\/wp\/v2\/types\/product"}],"replies":[{"embeddable":true,"href":"https:\/\/www.galerie-inna-khimich.com\/en\/wp-json\/wp\/v2\/comments?post=2473"}],"wp:featuredmedia":[{"embeddable":true,"href":"https:\/\/www.galerie-inna-khimich.com\/en\/wp-json\/wp\/v2\/media\/2474"}],"wp:attachment":[{"href":"https:\/\/www.galerie-inna-khimich.com\/en\/wp-json\/wp\/v2\/media?parent=2473"}],"wp:term":[{"taxonomy":"product_brand","embeddable":true,"href":"https:\/\/www.galerie-inna-khimich.com\/en\/wp-json\/wp\/v2\/product_brand?post=2473"},{"taxonomy":"product_cat","embeddable":true,"href":"https:\/\/www.galerie-inna-khimich.com\/en\/wp-json\/wp\/v2\/product_cat?post=2473"},{"taxonomy":"product_tag","embeddable":true,"href":"https:\/\/www.galerie-inna-khimich.com\/en\/wp-json\/wp\/v2\/product_tag?post=2473"}],"curies":[{"name":"wp","href":"https:\/\/api.w.org\/{rel}","templated":true}]}}