{"id":2007,"date":"2024-12-19T21:30:08","date_gmt":"2024-12-19T20:30:08","guid":{"rendered":"https:\/\/www.galerie-inna-khimich.com\/?post_type=product&#038;p=2007"},"modified":"2026-04-04T16:47:08","modified_gmt":"2026-04-04T14:47:08","slug":"yann-letestu-avant-la-pluie","status":"publish","type":"product","link":"https:\/\/www.galerie-inna-khimich.com\/en\/produit\/yann-letestu-avant-la-pluie\/","title":{"rendered":"Yann Letestu &#8211; Avant la pluie"},"content":{"rendered":"<h4>Yann Letestu<\/h4>\n<h4>Avant la pluie<\/h4>\n<h4>Techniques mixtes sur carte marine maroufl\u00e9e sur toile 73&#215;54 cm<\/h4>\n<h4>En vente sur ce site<\/h4>\n<h4>Peinture figurative<\/h4>\n<h4>Paysage Mer Bateaux Voiliers<\/h4>\n<h4>Artiste-peintre fran\u00e7ais<\/h4>\n<h4>Peinture fran\u00e7aise<\/h4>\n<p>&nbsp;<\/p>\n","protected":false},"excerpt":{"rendered":"<h4>Yann Letestu<\/h4>\n<h4>Avant la pluie<\/h4>\n<h4>Techniques mixtes sur carte marine maroufl\u00e9e sur toile 73&#215;54 cm<\/h4>\n<h4>En vente sur ce site<\/h4>\n","protected":false},"featured_media":2008,"comment_status":"closed","ping_status":"closed","template":"","meta":{"_acf_changed":false,"_et_pb_use_builder":"","_et_pb_old_content":"","_et_gb_content_width":""},"product_brand":[],"product_cat":[36,33,68],"product_tag":[],"class_list":{"0":"post-2007","1":"product","2":"type-product","3":"status-publish","4":"has-post-thumbnail","6":"product_cat-figuration","7":"product_cat-peinture","8":"product_cat-yann-letestu","9":"product_shipping_class-dhl","11":"first","12":"instock","13":"taxable","14":"shipping-taxable","15":"purchasable","16":"product-type-simple"},"acf":[],"yoast_head":"<!-- This site is optimized with the Yoast SEO plugin v24.5 - https:\/\/yoast.com\/wordpress\/plugins\/seo\/ -->\n<title>Yann Letestu - Avant la pluie - Galerie Inna Khimich.<\/title>\n<meta name=\"description\" content=\"Avant la pluie, peinture de Yann Letestu. Artiste fran\u00e7ais. Ces oeuvres sont expos\u00e9es en permanence \u00e0 la Galerie Inna Khimich, galerie d&#039;art fran\u00e7aise.\" \/>\n<meta name=\"robots\" content=\"index, follow, max-snippet:-1, max-image-preview:large, max-video-preview:-1\" \/>\n<link rel=\"canonical\" href=\"https:\/\/www.galerie-inna-khimich.com\/en\/produit\/yann-letestu-avant-la-pluie\/\" \/>\n<meta property=\"og:locale\" content=\"en_US\" \/>\n<meta property=\"og:type\" content=\"article\" \/>\n<meta property=\"og:title\" content=\"Yann Letestu - Avant la pluie - Galerie Inna Khimich.\" \/>\n<meta property=\"og:description\" content=\"Avant la pluie, peinture de Yann Letestu. Artiste fran\u00e7ais. Ces oeuvres sont expos\u00e9es en permanence \u00e0 la Galerie Inna Khimich, galerie d&#039;art fran\u00e7aise.\" \/>\n<meta property=\"og:site_name\" content=\"Galerie Inna Khimich.\" \/>\n<meta property=\"article:publisher\" content=\"https:\/\/www.facebook.com\/people\/Galerie-Inna-Khimich\/100063467802915\/\" \/>\n<meta property=\"article:modified_time\" content=\"2026-04-04T14:47:08+00:00\" \/>\n<meta property=\"og:image\" content=\"https:\/\/www.galerie-inna-khimich.com\/wp-content\/uploads\/2024\/12\/Peinture-Avant-la-pluie-20-P-Y-Letestu-POUR-site-GIK-scaled.jpg\" \/>\n\t<meta property=\"og:image:width\" content=\"2560\" \/>\n\t<meta property=\"og:image:height\" content=\"1915\" \/>\n\t<meta property=\"og:image:type\" content=\"image\/jpeg\" \/>\n<meta name=\"twitter:card\" content=\"summary_large_image\" \/>\n<meta name=\"twitter:label1\" content=\"Est. reading time\" \/>\n\t<meta name=\"twitter:data1\" content=\"1 minute\" \/>\n<script type=\"application\/ld+json\" class=\"yoast-schema-graph\">{\"@context\":\"https:\/\/schema.org\",\"@graph\":[{\"@type\":\"WebPage\",\"@id\":\"https:\/\/www.galerie-inna-khimich.com\/en\/produit\/yann-letestu-avant-la-pluie\/\",\"url\":\"https:\/\/www.galerie-inna-khimich.com\/en\/produit\/yann-letestu-avant-la-pluie\/\",\"name\":\"Yann Letestu - Avant la pluie - Galerie Inna Khimich.\",\"isPartOf\":{\"@id\":\"https:\/\/www.galerie-inna-khimich.com\/en\/#website\"},\"primaryImageOfPage\":{\"@id\":\"https:\/\/www.galerie-inna-khimich.com\/en\/produit\/yann-letestu-avant-la-pluie\/#primaryimage\"},\"image\":{\"@id\":\"https:\/\/www.galerie-inna-khimich.com\/en\/produit\/yann-letestu-avant-la-pluie\/#primaryimage\"},\"thumbnailUrl\":\"https:\/\/www.galerie-inna-khimich.com\/wp-content\/uploads\/2024\/12\/Peinture-Avant-la-pluie-20-P-Y-Letestu-POUR-site-GIK-scaled.jpg\",\"datePublished\":\"2024-12-19T20:30:08+00:00\",\"dateModified\":\"2026-04-04T14:47:08+00:00\",\"description\":\"Avant la pluie, peinture de Yann Letestu. Artiste fran\u00e7ais. Ces oeuvres sont expos\u00e9es en permanence \u00e0 la Galerie Inna Khimich, galerie d'art fran\u00e7aise.\",\"breadcrumb\":{\"@id\":\"https:\/\/www.galerie-inna-khimich.com\/en\/produit\/yann-letestu-avant-la-pluie\/#breadcrumb\"},\"inLanguage\":\"en-US\",\"potentialAction\":[{\"@type\":\"ReadAction\",\"target\":[\"https:\/\/www.galerie-inna-khimich.com\/en\/produit\/yann-letestu-avant-la-pluie\/\"]}]},{\"@type\":\"ImageObject\",\"inLanguage\":\"en-US\",\"@id\":\"https:\/\/www.galerie-inna-khimich.com\/en\/produit\/yann-letestu-avant-la-pluie\/#primaryimage\",\"url\":\"https:\/\/www.galerie-inna-khimich.com\/wp-content\/uploads\/2024\/12\/Peinture-Avant-la-pluie-20-P-Y-Letestu-POUR-site-GIK-scaled.jpg\",\"contentUrl\":\"https:\/\/www.galerie-inna-khimich.com\/wp-content\/uploads\/2024\/12\/Peinture-Avant-la-pluie-20-P-Y-Letestu-POUR-site-GIK-scaled.jpg\",\"width\":2560,\"height\":1915},{\"@type\":\"BreadcrumbList\",\"@id\":\"https:\/\/www.galerie-inna-khimich.com\/en\/produit\/yann-letestu-avant-la-pluie\/#breadcrumb\",\"itemListElement\":[{\"@type\":\"ListItem\",\"position\":1,\"name\":\"Accueil\",\"item\":\"https:\/\/www.galerie-inna-khimich.com\/en\/\"},{\"@type\":\"ListItem\",\"position\":2,\"name\":\"Shop \/ Artists\",\"item\":\"https:\/\/www.galerie-inna-khimich.com\/en\/shop\/\"},{\"@type\":\"ListItem\",\"position\":3,\"name\":\"Yann Letestu &#8211; Avant la pluie\"}]},{\"@type\":\"WebSite\",\"@id\":\"https:\/\/www.galerie-inna-khimich.com\/en\/#website\",\"url\":\"https:\/\/www.galerie-inna-khimich.com\/en\/\",\"name\":\"Galerie Inna Khimich.\",\"description\":\"Galerie d\u2019Art Contemporaine\",\"publisher\":{\"@id\":\"https:\/\/www.galerie-inna-khimich.com\/en\/#organization\"},\"potentialAction\":[{\"@type\":\"SearchAction\",\"target\":{\"@type\":\"EntryPoint\",\"urlTemplate\":\"https:\/\/www.galerie-inna-khimich.com\/en\/?s={search_term_string}\"},\"query-input\":{\"@type\":\"PropertyValueSpecification\",\"valueRequired\":true,\"valueName\":\"search_term_string\"}}],\"inLanguage\":\"en-US\"},{\"@type\":\"Organization\",\"@id\":\"https:\/\/www.galerie-inna-khimich.com\/en\/#organization\",\"name\":\"Galerie Inna Khimich.\",\"url\":\"https:\/\/www.galerie-inna-khimich.com\/en\/\",\"logo\":{\"@type\":\"ImageObject\",\"inLanguage\":\"en-US\",\"@id\":\"https:\/\/www.galerie-inna-khimich.com\/en\/#\/schema\/logo\/image\/\",\"url\":\"https:\/\/www.galerie-inna-khimich.com\/wp-content\/uploads\/2023\/03\/Logo-gallerie-inna-khimich.png\",\"contentUrl\":\"https:\/\/www.galerie-inna-khimich.com\/wp-content\/uploads\/2023\/03\/Logo-gallerie-inna-khimich.png\",\"width\":512,\"height\":196,\"caption\":\"Galerie Inna Khimich.\"},\"image\":{\"@id\":\"https:\/\/www.galerie-inna-khimich.com\/en\/#\/schema\/logo\/image\/\"},\"sameAs\":[\"https:\/\/www.facebook.com\/people\/Galerie-Inna-Khimich\/100063467802915\/\",\"https:\/\/www.instagram.com\/galerie_inna_khimich\"]}]}<\/script>\n<!-- \/ Yoast SEO plugin. -->","yoast_head_json":{"title":"Yann Letestu - Avant la pluie - Galerie Inna Khimich.","description":"Avant la pluie, peinture de Yann Letestu. Artiste fran\u00e7ais. Ces oeuvres sont expos\u00e9es en permanence \u00e0 la Galerie Inna Khimich, galerie d'art fran\u00e7aise.","robots":{"index":"index","follow":"follow","max-snippet":"max-snippet:-1","max-image-preview":"max-image-preview:large","max-video-preview":"max-video-preview:-1"},"canonical":"https:\/\/www.galerie-inna-khimich.com\/en\/produit\/yann-letestu-avant-la-pluie\/","og_locale":"en_US","og_type":"article","og_title":"Yann Letestu - Avant la pluie - Galerie Inna Khimich.","og_description":"Avant la pluie, peinture de Yann Letestu. Artiste fran\u00e7ais. Ces oeuvres sont expos\u00e9es en permanence \u00e0 la Galerie Inna Khimich, galerie d'art fran\u00e7aise.","og_site_name":"Galerie Inna Khimich.","article_publisher":"https:\/\/www.facebook.com\/people\/Galerie-Inna-Khimich\/100063467802915\/","article_modified_time":"2026-04-04T14:47:08+00:00","og_image":[{"width":2560,"height":1915,"url":"https:\/\/www.galerie-inna-khimich.com\/wp-content\/uploads\/2024\/12\/Peinture-Avant-la-pluie-20-P-Y-Letestu-POUR-site-GIK-scaled.jpg","type":"image\/jpeg"}],"twitter_card":"summary_large_image","twitter_misc":{"Est. reading time":"1 minute"},"schema":{"@context":"https:\/\/schema.org","@graph":[{"@type":"WebPage","@id":"https:\/\/www.galerie-inna-khimich.com\/en\/produit\/yann-letestu-avant-la-pluie\/","url":"https:\/\/www.galerie-inna-khimich.com\/en\/produit\/yann-letestu-avant-la-pluie\/","name":"Yann Letestu - Avant la pluie - Galerie Inna Khimich.","isPartOf":{"@id":"https:\/\/www.galerie-inna-khimich.com\/en\/#website"},"primaryImageOfPage":{"@id":"https:\/\/www.galerie-inna-khimich.com\/en\/produit\/yann-letestu-avant-la-pluie\/#primaryimage"},"image":{"@id":"https:\/\/www.galerie-inna-khimich.com\/en\/produit\/yann-letestu-avant-la-pluie\/#primaryimage"},"thumbnailUrl":"https:\/\/www.galerie-inna-khimich.com\/wp-content\/uploads\/2024\/12\/Peinture-Avant-la-pluie-20-P-Y-Letestu-POUR-site-GIK-scaled.jpg","datePublished":"2024-12-19T20:30:08+00:00","dateModified":"2026-04-04T14:47:08+00:00","description":"Avant la pluie, peinture de Yann Letestu. Artiste fran\u00e7ais. Ces oeuvres sont expos\u00e9es en permanence \u00e0 la Galerie Inna Khimich, galerie d'art fran\u00e7aise.","breadcrumb":{"@id":"https:\/\/www.galerie-inna-khimich.com\/en\/produit\/yann-letestu-avant-la-pluie\/#breadcrumb"},"inLanguage":"en-US","potentialAction":[{"@type":"ReadAction","target":["https:\/\/www.galerie-inna-khimich.com\/en\/produit\/yann-letestu-avant-la-pluie\/"]}]},{"@type":"ImageObject","inLanguage":"en-US","@id":"https:\/\/www.galerie-inna-khimich.com\/en\/produit\/yann-letestu-avant-la-pluie\/#primaryimage","url":"https:\/\/www.galerie-inna-khimich.com\/wp-content\/uploads\/2024\/12\/Peinture-Avant-la-pluie-20-P-Y-Letestu-POUR-site-GIK-scaled.jpg","contentUrl":"https:\/\/www.galerie-inna-khimich.com\/wp-content\/uploads\/2024\/12\/Peinture-Avant-la-pluie-20-P-Y-Letestu-POUR-site-GIK-scaled.jpg","width":2560,"height":1915},{"@type":"BreadcrumbList","@id":"https:\/\/www.galerie-inna-khimich.com\/en\/produit\/yann-letestu-avant-la-pluie\/#breadcrumb","itemListElement":[{"@type":"ListItem","position":1,"name":"Accueil","item":"https:\/\/www.galerie-inna-khimich.com\/en\/"},{"@type":"ListItem","position":2,"name":"Shop \/ Artists","item":"https:\/\/www.galerie-inna-khimich.com\/en\/shop\/"},{"@type":"ListItem","position":3,"name":"Yann Letestu &#8211; Avant la pluie"}]},{"@type":"WebSite","@id":"https:\/\/www.galerie-inna-khimich.com\/en\/#website","url":"https:\/\/www.galerie-inna-khimich.com\/en\/","name":"Galerie Inna Khimich.","description":"Galerie d\u2019Art Contemporaine","publisher":{"@id":"https:\/\/www.galerie-inna-khimich.com\/en\/#organization"},"potentialAction":[{"@type":"SearchAction","target":{"@type":"EntryPoint","urlTemplate":"https:\/\/www.galerie-inna-khimich.com\/en\/?s={search_term_string}"},"query-input":{"@type":"PropertyValueSpecification","valueRequired":true,"valueName":"search_term_string"}}],"inLanguage":"en-US"},{"@type":"Organization","@id":"https:\/\/www.galerie-inna-khimich.com\/en\/#organization","name":"Galerie Inna Khimich.","url":"https:\/\/www.galerie-inna-khimich.com\/en\/","logo":{"@type":"ImageObject","inLanguage":"en-US","@id":"https:\/\/www.galerie-inna-khimich.com\/en\/#\/schema\/logo\/image\/","url":"https:\/\/www.galerie-inna-khimich.com\/wp-content\/uploads\/2023\/03\/Logo-gallerie-inna-khimich.png","contentUrl":"https:\/\/www.galerie-inna-khimich.com\/wp-content\/uploads\/2023\/03\/Logo-gallerie-inna-khimich.png","width":512,"height":196,"caption":"Galerie Inna Khimich."},"image":{"@id":"https:\/\/www.galerie-inna-khimich.com\/en\/#\/schema\/logo\/image\/"},"sameAs":["https:\/\/www.facebook.com\/people\/Galerie-Inna-Khimich\/100063467802915\/","https:\/\/www.instagram.com\/galerie_inna_khimich"]}]}},"_links":{"self":[{"href":"https:\/\/www.galerie-inna-khimich.com\/en\/wp-json\/wp\/v2\/product\/2007","targetHints":{"allow":["GET"]}}],"collection":[{"href":"https:\/\/www.galerie-inna-khimich.com\/en\/wp-json\/wp\/v2\/product"}],"about":[{"href":"https:\/\/www.galerie-inna-khimich.com\/en\/wp-json\/wp\/v2\/types\/product"}],"replies":[{"embeddable":true,"href":"https:\/\/www.galerie-inna-khimich.com\/en\/wp-json\/wp\/v2\/comments?post=2007"}],"wp:featuredmedia":[{"embeddable":true,"href":"https:\/\/www.galerie-inna-khimich.com\/en\/wp-json\/wp\/v2\/media\/2008"}],"wp:attachment":[{"href":"https:\/\/www.galerie-inna-khimich.com\/en\/wp-json\/wp\/v2\/media?parent=2007"}],"wp:term":[{"taxonomy":"product_brand","embeddable":true,"href":"https:\/\/www.galerie-inna-khimich.com\/en\/wp-json\/wp\/v2\/product_brand?post=2007"},{"taxonomy":"product_cat","embeddable":true,"href":"https:\/\/www.galerie-inna-khimich.com\/en\/wp-json\/wp\/v2\/product_cat?post=2007"},{"taxonomy":"product_tag","embeddable":true,"href":"https:\/\/www.galerie-inna-khimich.com\/en\/wp-json\/wp\/v2\/product_tag?post=2007"}],"curies":[{"name":"wp","href":"https:\/\/api.w.org\/{rel}","templated":true}]}}